{"id":8,"date":"2024-12-10T09:54:00","date_gmt":"2024-12-10T09:54:00","guid":{"rendered":"https:\/\/smartdata.tonytemplates.com\/driving-school\/?page_id=8"},"modified":"2026-04-17T07:24:05","modified_gmt":"2026-04-17T05:24:05","slug":"home","status":"publish","type":"page","link":"https:\/\/fahrschule-schleich.de\/","title":{"rendered":"Home"},"content":{"rendered":"\t\t<div data-elementor-type=\"wp-page\" data-elementor-id=\"8\" class=\"elementor elementor-8\">\n\t\t\t\t\t\t<section class=\"elementor-section elementor-top-section elementor-element elementor-element-5c1d2a7 elementor-section-stretched elementor-section-full_width elementor-section-height-default elementor-section-height-default\" data-id=\"5c1d2a7\" data-element_type=\"section\" data-e-type=\"section\" data-settings=\"{&quot;stretch_section&quot;:&quot;section-stretched&quot;}\">\n\t\t\t\t\t\t<div class=\"elementor-container elementor-column-gap-no\">\n\t\t\t\t\t<div class=\"elementor-column elementor-col-100 elementor-top-column elementor-element elementor-element-2a76c10\" data-id=\"2a76c10\" data-element_type=\"column\" data-e-type=\"column\">\n\t\t\t<div class=\"elementor-widget-wrap\">\n\t\t\t\t\t\t\t<\/div>\n\t\t<\/div>\n\t\t\t\t\t<\/div>\n\t\t<\/section>\n\t\t\t\t<section class=\"elementor-section elementor-top-section elementor-element elementor-element-f13d39e elementor-section-stretched elementor-section-full_width elementor-section-height-default elementor-section-height-default\" data-id=\"f13d39e\" data-element_type=\"section\" data-e-type=\"section\" data-settings=\"{&quot;stretch_section&quot;:&quot;section-stretched&quot;}\">\n\t\t\t\t\t\t<div class=\"elementor-container elementor-column-gap-no\">\n\t\t\t\t\t<div class=\"elementor-column elementor-col-100 elementor-top-column elementor-element elementor-element-d7ed317\" data-id=\"d7ed317\" data-element_type=\"column\" data-e-type=\"column\">\n\t\t\t<div class=\"elementor-widget-wrap elementor-element-populated\">\n\t\t\t\t\t\t<div class=\"elementor-element elementor-element-9623b2a elementor-widget elementor-widget-driving_school_total_carusel\" data-id=\"9623b2a\" data-element_type=\"widget\" data-e-type=\"widget\" data-widget_type=\"driving_school_total_carusel.default\">\n\t\t\t\t<div class=\"elementor-widget-container\">\n\t\t\t\t\t        <div class=\"tt-extra-total-indent\">\n            <div class=\"tt-total-info-row\">\n                <div class=\"container\">\n                    <div class=\"row\">\n                        <div class=\"tt-row  tt-total-carusel slick-arrow-01\">\n                                                            <div class=\"tt-col \">\n                                    <div class=\"tt-total-info\">\n                                        <div class=\"tt-icon\">\n                                            <i aria-hidden=\"true\" class=\" icon-people-1\"><\/i>                                        <\/div>\n                                        <div class=\"tt-description\">\n                                                                                        <div class=\"tt-nubers\">3<\/div><span class=\"content_typography\">Fahrlehrer<\/span>                                                                                    <\/div>\n                                    <\/div>\n                                <\/div>\n                                                            <div class=\"tt-col \">\n                                    <div class=\"tt-total-info\">\n                                        <div class=\"tt-icon\">\n                                            <i aria-hidden=\"true\" class=\" icon-balloons\"><\/i>                                        <\/div>\n                                        <div class=\"tt-description\">\n                                                                                        <div class=\"tt-nubers\">50<\/div><span class=\"content_typography\">Jahre Erfahrung<\/span>                                                                                    <\/div>\n                                    <\/div>\n                                <\/div>\n                                                            <div class=\"tt-col \">\n                                    <div class=\"tt-total-info\">\n                                        <div class=\"tt-icon\">\n                                            <i aria-hidden=\"true\" class=\"fas fa-building\"><\/i>                                        <\/div>\n                                        <div class=\"tt-description\">\n                                                                                        <div class=\"tt-nubers\">3<\/div><span class=\"content_typography\">Filialen<\/span>                                                                                    <\/div>\n                                    <\/div>\n                                <\/div>\n                                                    <\/div>\n                    <\/div>\n                <\/div>\n            <\/div>\n        <\/div>\n\t\t\t\t<\/div>\n\t\t\t\t<\/div>\n\t\t\t\t\t<\/div>\n\t\t<\/div>\n\t\t\t\t\t<\/div>\n\t\t<\/section>\n\t\t\t\t<section class=\"elementor-section elementor-top-section elementor-element elementor-element-14d2d94 elementor-section-boxed elementor-section-height-default elementor-section-height-default\" data-id=\"14d2d94\" data-element_type=\"section\" data-e-type=\"section\">\n\t\t\t\t\t\t<div class=\"elementor-container elementor-column-gap-default\">\n\t\t\t\t\t<div class=\"elementor-column elementor-col-100 elementor-top-column elementor-element elementor-element-e74d3e1\" data-id=\"e74d3e1\" data-element_type=\"column\" data-e-type=\"column\">\n\t\t\t<div class=\"elementor-widget-wrap\">\n\t\t\t\t\t\t\t<\/div>\n\t\t<\/div>\n\t\t\t\t\t<\/div>\n\t\t<\/section>\n\t\t\t\t<section class=\"elementor-section elementor-top-section elementor-element elementor-element-ea818a8 elementor-section-stretched elementor-section-full_width elementor-section-height-default elementor-section-height-default\" data-id=\"ea818a8\" data-element_type=\"section\" data-e-type=\"section\" data-settings=\"{&quot;stretch_section&quot;:&quot;section-stretched&quot;}\">\n\t\t\t\t\t\t<div class=\"elementor-container elementor-column-gap-no\">\n\t\t\t\t\t<div class=\"elementor-column elementor-col-100 elementor-top-column elementor-element elementor-element-7cfe1d6\" data-id=\"7cfe1d6\" data-element_type=\"column\" data-e-type=\"column\">\n\t\t\t<div class=\"elementor-widget-wrap elementor-element-populated\">\n\t\t\t\t\t\t<div class=\"elementor-element elementor-element-8b7a42e elementor-widget__width-initial elementor-widget elementor-widget-image\" data-id=\"8b7a42e\" data-element_type=\"widget\" data-e-type=\"widget\" data-widget_type=\"image.default\">\n\t\t\t\t<div class=\"elementor-widget-container\">\n\t\t\t\t\t\t\t\t\t\t\t\t\t\t\t<img fetchpriority=\"high\" decoding=\"async\" width=\"640\" height=\"800\" src=\"https:\/\/i0.wp.com\/fahrschule-schleich.de\/wp-content\/uploads\/2026\/04\/Intensivkurs-2.png?fit=640%2C800&amp;ssl=1\" class=\"attachment-medium_large size-medium_large wp-image-4170\" alt=\"\" srcset=\"https:\/\/i0.wp.com\/fahrschule-schleich.de\/wp-content\/uploads\/2026\/04\/Intensivkurs-2.png?w=1080&amp;ssl=1 1080w, https:\/\/i0.wp.com\/fahrschule-schleich.de\/wp-content\/uploads\/2026\/04\/Intensivkurs-2.png?resize=240%2C300&amp;ssl=1 240w, https:\/\/i0.wp.com\/fahrschule-schleich.de\/wp-content\/uploads\/2026\/04\/Intensivkurs-2.png?resize=819%2C1024&amp;ssl=1 819w, https:\/\/i0.wp.com\/fahrschule-schleich.de\/wp-content\/uploads\/2026\/04\/Intensivkurs-2.png?resize=768%2C960&amp;ssl=1 768w, https:\/\/i0.wp.com\/fahrschule-schleich.de\/wp-content\/uploads\/2026\/04\/Intensivkurs-2.png?resize=386%2C483&amp;ssl=1 386w, https:\/\/i0.wp.com\/fahrschule-schleich.de\/wp-content\/uploads\/2026\/04\/Intensivkurs-2.png?resize=209%2C261&amp;ssl=1 209w, https:\/\/i0.wp.com\/fahrschule-schleich.de\/wp-content\/uploads\/2026\/04\/Intensivkurs-2.png?resize=233%2C291&amp;ssl=1 233w\" sizes=\"(max-width: 640px) 100vw, 640px\" \/>\t\t\t\t\t\t\t\t\t\t\t\t\t\t\t<\/div>\n\t\t\t\t<\/div>\n\t\t\t\t<div class=\"elementor-element elementor-element-54eadf8 elementor-widget elementor-widget-driving_school_ready\" data-id=\"54eadf8\" data-element_type=\"widget\" data-e-type=\"widget\" data-widget_type=\"driving_school_ready.default\">\n\t\t\t\t<div class=\"elementor-widget-container\">\n\t\t\t\t\t\n\t\t\n\t\t<div class=\"tt-layout-01\">\n\t\t\t<div class=\"container\">\n\t\t\t\t<div class=\"row\">\n\t\t\t\t\t<div class=\"col-md-6\">\n\t\t\t\t\t\t<div class=\"tt-img\">\n\t\t\t\t\t\t\t\t\t\t\t\t\t\t\t<img decoding=\"async\" src=\"https:\/\/i0.wp.com\/fahrschule-schleich.de\/wp-content\/uploads\/2025\/12\/Belegschaft.jpg?fit=677%2C614&#038;ssl=1\" alt=\"\">\n\t\t\t\t\t\t\t\t\t\t\t\t\t<\/div>\n\t\t\t\t\t<\/div>\n\t\t\t\t\t<div class=\"col-sm-12 col-md-6 pull-right\">\n\t\t\t\t\t\t<h6 class=\"content_typography tt-title-lg\">\n\t\t\t\t\t\t\tHerzlich Willkommen\t\t\t\t\t\t<\/h6>\n\t\t\t\t\t\t<div class=\"tt-img-mobile\">\n\t\t\t\t\t\t\t\t\t\t\t\t\t\t\t<img decoding=\"async\" src=\"https:\/\/i0.wp.com\/fahrschule-schleich.de\/wp-content\/uploads\/2025\/12\/Belegschaft.jpg?fit=677%2C614&#038;ssl=1\" alt=\"\">\n\t\t\t\t\t\t\t\t\t\t\t\t\t<\/div><p>auf der Website der Fahrschule Schleich.<\/p><p dir=\"auto\">Wir sind mit vier Zweigstellen in Mainz vertreten.<\/p><p>Das bedeutet f\u00fcr dich:<br \/>Du kannst dich jeden Tag, pers\u00f6nlich sowie fachkompetent von uns beraten lassen. Hier erkl\u00e4ren wir dir, was du f\u00fcr die theoretische und praktische Ausbildung, der jeweiligen F\u00fchrerscheinklasse ben\u00f6tigst. Wenn du m\u00f6chtest, hast du gleich die M\u00f6glichkeit dich bei uns anzumelden und kannst\u00a0 den Theorie Unterricht noch am selben Tag besuchen.<\/p><p>Sollte dir etwas unklar sein, kannst du vorab gerne telefonisch oder \u00fcber unser Kontaktformular Kontakt mit uns aufnehmen.<\/p><p>Telefon: <a href=\"tel:+491714785082\">0171 - 478 508 2<\/a><\/p><p>Wir freuen uns, von dir zu h\u00f6ren und versprechen Dir schon jetzt, dass du viel Spa\u00df und Freude, bei deiner F\u00fchrerscheinausbildung haben wirst.<\/p><p>Deine Fahrschule Schleich<br \/>Maurice Mahn - Inhaber und Gesch\u00e4ftsf\u00fchrer<\/p>\t\t\t\t\t\t<div class=\"row-btn\">\n\t\t\t\t\t\t\t\t\t\t\t\t\t\t\t<a href=\"tel:+491714785082\" class=\"btn tt-btn-custom\" rel=\"nofollow\">\n\t\t\t\t\t\t\t\t\tJetzt anrufen\t\t\t\t\t\t\t\t<\/a>\n\n\t\t\t\t\t\t\t\t\t\t\t\t\t<\/div>\n\t\t\t\t\t\t<div class=\"tt-img-device\">\n\t\t\t\t\t\t\t\t\t\t\t\t\t\t\t<img decoding=\"async\" src=\"https:\/\/i0.wp.com\/fahrschule-schleich.de\/wp-content\/uploads\/2025\/12\/Belegschaft.jpg?fit=677%2C614&#038;ssl=1\" alt=\"\">\n\t\t\t\t\t\t\t\t\t\t\t\t\t<\/div>\n\t\t\t\t\t<\/div>\n\t\t\t\t<\/div>\n\t\t\t<\/div>\n\t\t<\/div>\n\n\t\t\n<!-- -------------------------------modal---------------------------------------- -->\n\t<div class=\"modal  fade\"  id=\"ModalOrderPackage_driving_school_ready\" tabindex=\"-1\" role=\"dialog\" aria-label=\"myModalLabel\" aria-hidden=\"true\">\n\n\t\t<div class=\"modal-dialog modal-sm\">\n\t\t\t<div class=\"modal-content \">\n\t\t\t\t<div class=\"modal-header\">\n\t\t\t\t\t<button type=\"button\" class=\"close\" data-dismiss=\"modal\" aria-hidden=\"true\"><span class=\"icon-cancel\"><\/span><\/button>\n\t\t\t\t<\/div>\n\t\t\t\t<div class=\"modal-body layout-01\">\n\t\t\t\t\t\t<h6 class=\"tt-title\"><\/h6>\n\t\t\t\t\t  \t\t\t\t<\/div>\n\t\t\t<\/div>\n\t\t<\/div>\n\t<\/div>\n\n<!-- -------------------------------modal---------------------------------------- -->\n\t\t\n\t\t\n\t\t\t\t\t\t<\/div>\n\t\t\t\t<\/div>\n\t\t\t\t\t<\/div>\n\t\t<\/div>\n\t\t\t\t\t<\/div>\n\t\t<\/section>\n\t\t\t\t<section class=\"elementor-section elementor-top-section elementor-element elementor-element-7818849 elementor-section-stretched elementor-section-full_width container-indent elementor-section-height-default elementor-section-height-default\" data-id=\"7818849\" data-element_type=\"section\" data-e-type=\"section\" data-settings=\"{&quot;stretch_section&quot;:&quot;section-stretched&quot;}\">\n\t\t\t\t\t\t<div class=\"elementor-container elementor-column-gap-no\">\n\t\t\t\t\t<div class=\"elementor-column elementor-col-100 elementor-top-column elementor-element elementor-element-997d81d\" data-id=\"997d81d\" data-element_type=\"column\" data-e-type=\"column\">\n\t\t\t<div class=\"elementor-widget-wrap\">\n\t\t\t\t\t\t\t<\/div>\n\t\t<\/div>\n\t\t\t\t\t<\/div>\n\t\t<\/section>\n\t\t\t\t<section class=\"elementor-section elementor-top-section elementor-element elementor-element-8db9b89 elementor-section-boxed elementor-section-height-default elementor-section-height-default\" data-id=\"8db9b89\" data-element_type=\"section\" data-e-type=\"section\">\n\t\t\t\t\t\t<div class=\"elementor-container elementor-column-gap-default\">\n\t\t\t\t\t<div class=\"elementor-column elementor-col-100 elementor-top-column elementor-element elementor-element-3303c47\" data-id=\"3303c47\" data-element_type=\"column\" data-e-type=\"column\">\n\t\t\t<div class=\"elementor-widget-wrap elementor-element-populated\">\n\t\t\t\t\t\t<div class=\"elementor-element elementor-element-1290b17 elementor-widget elementor-widget-driving_school_ready\" data-id=\"1290b17\" data-element_type=\"widget\" data-e-type=\"widget\" data-widget_type=\"driving_school_ready.default\">\n\t\t\t\t<div class=\"elementor-widget-container\">\n\t\t\t\t\t\n\t\t\n\t\t<div class=\"tt-layout-01\">\n\t\t\t<div class=\"container\">\n\t\t\t\t<div class=\"row\">\n\t\t\t\t\t<div class=\"col-md-6\">\n\t\t\t\t\t\t<div class=\"tt-img\">\n\t\t\t\t\t\t\t\t\t\t\t\t\t\t\t<img decoding=\"async\" src=\"https:\/\/i0.wp.com\/fahrschule-schleich.de\/wp-content\/uploads\/2025\/12\/IMG-20251115-WA0008-1-scaled-e1767539115485.jpg?fit=500%2C565&#038;ssl=1\" alt=\"\">\n\t\t\t\t\t\t\t\t\t\t\t\t\t<\/div>\n\t\t\t\t\t<\/div>\n\t\t\t\t\t<div class=\"col-sm-12 col-md-6 pull-right\">\n\t\t\t\t\t\t<h6 class=\"content_typography tt-title-lg\">\n\t\t\t\t\t\t\t\t\t\t\t\t\t<\/h6>\n\t\t\t\t\t\t<div class=\"tt-img-mobile\">\n\t\t\t\t\t\t\t\t\t\t\t\t\t\t\t<img decoding=\"async\" src=\"https:\/\/i0.wp.com\/fahrschule-schleich.de\/wp-content\/uploads\/2025\/12\/IMG-20251115-WA0008-1-scaled-e1767539115485.jpg?fit=500%2C565&#038;ssl=1\" alt=\"\">\n\t\t\t\t\t\t\t\t\t\t\t\t\t<\/div><h1>Seitdem 04.02.2026 vergr\u00f6\u00dfert unser ehemaliger Anw\u00e4rter, als vollwertiger Fahrlehrer, unser Team.<\/h1><h1>Willkommen im Team.<\/h1>\t\t\t\t\t\t<div class=\"row-btn\">\n\t\t\t\t\t\t\t\t\t\t\t\t\t<\/div>\n\t\t\t\t\t\t<div class=\"tt-img-device\">\n\t\t\t\t\t\t\t\t\t\t\t\t\t\t\t<img decoding=\"async\" src=\"https:\/\/i0.wp.com\/fahrschule-schleich.de\/wp-content\/uploads\/2025\/12\/IMG-20251115-WA0008-1-scaled-e1767539115485.jpg?fit=500%2C565&#038;ssl=1\" alt=\"\">\n\t\t\t\t\t\t\t\t\t\t\t\t\t<\/div>\n\t\t\t\t\t<\/div>\n\t\t\t\t<\/div>\n\t\t\t<\/div>\n\t\t<\/div>\n\n\t\t\n<!-- -------------------------------modal---------------------------------------- -->\n\t<div class=\"modal  fade\"  id=\"ModalOrderPackage_driving_school_ready\" tabindex=\"-1\" role=\"dialog\" aria-label=\"myModalLabel\" aria-hidden=\"true\">\n\n\t\t<div class=\"modal-dialog modal-sm\">\n\t\t\t<div class=\"modal-content \">\n\t\t\t\t<div class=\"modal-header\">\n\t\t\t\t\t<button type=\"button\" class=\"close\" data-dismiss=\"modal\" aria-hidden=\"true\"><span class=\"icon-cancel\"><\/span><\/button>\n\t\t\t\t<\/div>\n\t\t\t\t<div class=\"modal-body layout-01\">\n\t\t\t\t\t\t<h6 class=\"tt-title\"><\/h6>\n\t\t\t\t\t  \t\t\t\t<\/div>\n\t\t\t<\/div>\n\t\t<\/div>\n\t<\/div>\n\n<!-- -------------------------------modal---------------------------------------- -->\n\t\t\n\t\t\n\t\t\t\t\t\t<\/div>\n\t\t\t\t<\/div>\n\t\t\t\t\t<\/div>\n\t\t<\/div>\n\t\t\t\t\t<\/div>\n\t\t<\/section>\n\t\t\t\t<section class=\"elementor-section elementor-top-section elementor-element elementor-element-0be104b elementor-section-stretched elementor-section-full_width container-indent elementor-section-height-default elementor-section-height-default\" data-id=\"0be104b\" data-element_type=\"section\" data-e-type=\"section\" data-settings=\"{&quot;stretch_section&quot;:&quot;section-stretched&quot;}\">\n\t\t\t\t\t\t<div class=\"elementor-container elementor-column-gap-no\">\n\t\t\t\t\t<div class=\"elementor-column elementor-col-100 elementor-top-column elementor-element elementor-element-74dd7e6\" data-id=\"74dd7e6\" data-element_type=\"column\" data-e-type=\"column\">\n\t\t\t<div class=\"elementor-widget-wrap elementor-element-populated\">\n\t\t\t\t\t\t<div class=\"elementor-element elementor-element-c47719c elementor-widget elementor-widget-driving_school_price\" data-id=\"c47719c\" data-element_type=\"widget\" data-e-type=\"widget\" data-widget_type=\"driving_school_price.default\">\n\t\t\t\t<div class=\"elementor-widget-container\">\n\t\t\t\t\t\t\t<!-- Title Section Start -->\n\t\t\t\t<div class=\"container\">\n\t\t\t\t\t<h3 class=\"tt-title-lg text-center content_typography_title\">Preise<\/h3>\n\t\t\t\t\t<div class=\"row\">\n\t\t\t\t\t\t<div class=\"text-center text-md max-width70\">\n\t\t\t\t\t\tHier findest Du einen kleinen Auszug aus unserer Preisliste\t\t\t\t\t\t<\/div>\n\t\t\t<!-- Title Section End -->\n\t\t\t\t\t\t\t\t<div class=\"tt-promo-table-carusel slick-arrow-01\" data-slick='{\"mobile_first\":\"true\",\"slides_to_show\":3,\"slides_to_scroll\":1,\"pause_on_hover\":\"true\",\"autoplay\":\"true\",\"autoplay_speed\":\"8000\",\"dots\":\"false\",\"arrows\":\"false\"}'>\n\t\t\t\t\t\t\t\t\t\t\t\t\t\t\t\t\t<div class=\"col-md-4\">\n\t\t\t\t\t\t\t\t<div class=\"item\">\n\t\t\t\t\t\t\t\t\t<div class=\"tt-promo-table \">\n\t\t\t\t\t\t\t\t\t\t<div class=\"time\">\t\t\t\t\t\t\t\t\t\t\t\t\t\t\t  <i aria-hidden=\"true\" class=\"fas fa-car\"><\/i>\t\t\t\t\t\t\t\t\tPKW<\/div>\n\t\t\t\t\t\t\t\t\t\t<h6 style=\"background:#FDC400 \">\n\t\t\t\t\t\t\t\t\t\t\t<strong><span class=\"content_typography\">Klasse B<\/span><\/strong>\n\t\t\t\t\t\t\t\t\t\t\t\t\t\t\t\t\t\t\t\t\t<\/h6>\n\t\t\t\t\t\t\t\t\t\t<p><ul>\n<li><strong>Grundgeb\u00fchr Inkl. Lehrmaterial und Simulator Fahrstunde:<\/strong><br\/>349 \u20ac<\/li>\n<li><strong>Fahrstunden\/Sonderfahrten<\/strong><br\/>73 \u20ac <\/li>\n<li><strong>Theo. \/ Prak. Pr\u00fcfungskosten<\/strong><br\/>85 \u20ac \/ 199 \u20ac<\/li>\n<li><strong>Lehrmittelkosten<\/strong><br\/>69 \u20ac<\/li>\n<\/ul><\/p>\n\t\t\t\t\t\t\t\t\t\t<div class=\"price\">\n\t\t\t\t\t\t\t\t\t\t\t<span><\/span>\n\t\t\t\t\t\t\t\t\t\t\t<span><\/span>\n\t\t\t\t\t\t\t\t\t\t<\/div>\n\t\t\t\t\t\t\t\t\t\t\t\t\t\t\t\t\t\t\t\t\t\t\t\t\t\t\t\t\t\t<\/div>\n\t\t\t\t\t\t\t\t<\/div>\n\t\t\t\t\t\t\t<\/div>\n\t\t\t\t\t\t\t\t\t\t\t\t\t\t<div class=\"col-md-4\">\n\t\t\t\t\t\t\t\t<div class=\"item\">\n\t\t\t\t\t\t\t\t\t<div class=\"tt-promo-table \">\n\t\t\t\t\t\t\t\t\t\t<div class=\"time\">\t\t\t\t\t\t\t\t\t\t\t\t\t\t\t  <i aria-hidden=\"true\" class=\"fas fa-motorcycle\"><\/i>\t\t\t\t\t\t\t\t\tMotorrad<\/div>\n\t\t\t\t\t\t\t\t\t\t<h6 style=\"background:#FDC400 \">\n\t\t\t\t\t\t\t\t\t\t\t<strong><span class=\"content_typography\">Klasse AM \/ A1 \/ A2 \/ A<\/span><\/strong>\n\t\t\t\t\t\t\t\t\t\t\t\t\t\t\t\t\t\t\t\t\t<\/h6>\n\t\t\t\t\t\t\t\t\t\t<p><ul>\n<li><strong>Grundgeb\u00fchr Inkl. Lehrmaterial :<\/strong><br\/>349 \u20ac<\/li>\n<li><strong>Fahrstunden\/Sonderfahrten<\/strong><br\/>79 \u20ac <\/li>\n<li><strong>Theo. \/ Prak. Pr\u00fcfungskosten<\/strong><br\/>85 \u20ac \/ 199 \u20ac<\/li>\n<li><strong>Lehrmittelkosten<\/strong><br\/>69 \u20ac<\/li>\n<\/ul><\/p>\n\t\t\t\t\t\t\t\t\t\t<div class=\"price\">\n\t\t\t\t\t\t\t\t\t\t\t<span><\/span>\n\t\t\t\t\t\t\t\t\t\t\t<span><\/span>\n\t\t\t\t\t\t\t\t\t\t<\/div>\n\t\t\t\t\t\t\t\t\t\t\t\t\t\t\t\t\t\t\t\t\t\t\t\t\t\t\t\t\t\t<\/div>\n\t\t\t\t\t\t\t\t<\/div>\n\t\t\t\t\t\t\t<\/div>\n\t\t\t\t\t\t\t\t\t\t\t\t\t\t<div class=\"col-md-4\">\n\t\t\t\t\t\t\t\t<div class=\"item\">\n\t\t\t\t\t\t\t\t\t<div class=\"tt-promo-table \">\n\t\t\t\t\t\t\t\t\t\t<div class=\"time\">\t\t\t\t\t\t\t\t\t\t\t\t\t\t\t  <i aria-hidden=\"true\" class=\"fas fa-truck\"><\/i>\t\t\t\t\t\t\t\t\tLKW<\/div>\n\t\t\t\t\t\t\t\t\t\t<h6 style=\"background:#FDC400 \">\n\t\t\t\t\t\t\t\t\t\t\t<strong><span class=\"content_typography\">Klasse C1\/C1E\/ C\/CE<\/span><\/strong>\n\t\t\t\t\t\t\t\t\t\t\t\t\t\t\t\t\t\t\t\t\t<\/h6>\n\t\t\t\t\t\t\t\t\t\t<p><ul>\n<li><strong>Grundgeb\u00fchr Inkl. Lehrmaterial :<\/strong><br\/>639 \u20ac<\/li>\n<li><strong>Fahrstunden\/Sonderfahrten<\/strong><br\/>99 \u20ac <\/li>\n<li><strong>Theo. \/ Prak. Pr\u00fcfungskosten<\/strong><br\/>85 \u20ac \/ 259 \u20ac<\/li>\n<li><strong>Lehrmittelkosten<\/strong><br\/>89 \u20ac<\/li>\n<\/ul><\/p>\n\t\t\t\t\t\t\t\t\t\t<div class=\"price\">\n\t\t\t\t\t\t\t\t\t\t\t<span><\/span>\n\t\t\t\t\t\t\t\t\t\t\t<span><\/span>\n\t\t\t\t\t\t\t\t\t\t<\/div>\n\t\t\t\t\t\t\t\t\t\t\t\t\t\t\t\t\t\t\t\t\t\t\t\t\t\t\t\t\t\t<\/div>\n\t\t\t\t\t\t\t\t<\/div>\n\t\t\t\t\t\t\t<\/div>\n\t\t\t\t\t\t\t\t\t\t\t\t\t\t<div class=\"col-md-4\">\n\t\t\t\t\t\t\t\t<div class=\"item\">\n\t\t\t\t\t\t\t\t\t<div class=\"tt-promo-table \">\n\t\t\t\t\t\t\t\t\t\t<div class=\"time\">\t\t\t\t\t\t\t\t\t\t\t\t\t\t\t  <i aria-hidden=\"true\" class=\"fas fa-bus\"><\/i>\t\t\t\t\t\t\t\t\tBUS<\/div>\n\t\t\t\t\t\t\t\t\t\t<h6 style=\"background:#FDC400 \">\n\t\t\t\t\t\t\t\t\t\t\t<strong><span class=\"content_typography\">Klasse D1\/D1E\/  D\/DE<\/span><\/strong>\n\t\t\t\t\t\t\t\t\t\t\t\t\t\t\t\t\t\t\t\t\t<\/h6>\n\t\t\t\t\t\t\t\t\t\t<p><ul>\n<li><strong>Grundgeb\u00fchr Inkl. Lehrmaterial :<\/strong><br\/>639 \u20ac<\/li>\n<li><strong>Fahrstunden\/Sonderfahrten<\/strong><br\/>99 \u20ac <\/li>\n<li><strong>Theo. \/ Prak. Pr\u00fcfungskosten<\/strong><br\/>85 \u20ac \/ 259 \u20ac<\/li>\n<li><strong>Lehrmittelkosten<\/strong><br\/>89 \u20ac<\/li>\n<\/ul><\/p>\n\t\t\t\t\t\t\t\t\t\t<div class=\"price\">\n\t\t\t\t\t\t\t\t\t\t\t<span><\/span>\n\t\t\t\t\t\t\t\t\t\t\t<span><\/span>\n\t\t\t\t\t\t\t\t\t\t<\/div>\n\t\t\t\t\t\t\t\t\t\t\t\t\t\t\t\t\t\t\t\t\t\t\t\t\t\t\t\t\t\t<\/div>\n\t\t\t\t\t\t\t\t<\/div>\n\t\t\t\t\t\t\t<\/div>\n\t\t\t\t\t\t\t\t\t\t\t\t\t\t<div class=\"col-md-4\">\n\t\t\t\t\t\t\t\t<div class=\"item\">\n\t\t\t\t\t\t\t\t\t<div class=\"tt-promo-table \">\n\t\t\t\t\t\t\t\t\t\t<div class=\"time\">\t\t\t\t\t\t\t\t\t\t\t\t\t\t\t  <i aria-hidden=\"true\" class=\"fas fa-truck-moving\"><\/i>\t\t\t\t\t\t\t\t\tBGQ<\/div>\n\t\t\t\t\t\t\t\t\t\t<h6 style=\"background:#FDC400 \">\n\t\t\t\t\t\t\t\t\t\t\t<strong><span class=\"content_typography\">Beschleunigte Grundqualifikation (95)<\/span><\/strong>\n\t\t\t\t\t\t\t\t\t\t\t\t\t\t\t\t\t\t\t\t\t<\/h6>\n\t\t\t\t\t\t\t\t\t\t<p><ul>\n<li><strong>Grundgeb\u00fchr Inkl. Lehrmaterial und Pr\u00fcfung :<\/strong><br\/>3200 \u20ac<\/li>\n<\/p>\n\t\t\t\t\t\t\t\t\t\t<div class=\"price\">\n\t\t\t\t\t\t\t\t\t\t\t<span><\/span>\n\t\t\t\t\t\t\t\t\t\t\t<span><\/span>\n\t\t\t\t\t\t\t\t\t\t<\/div>\n\t\t\t\t\t\t\t\t\t\t\t\t\t\t\t\t\t\t\t\t\t\t\t\t\t\t\t\t\t\t<\/div>\n\t\t\t\t\t\t\t\t<\/div>\n\t\t\t\t\t\t\t<\/div>\n\t\t\t\t\t\t\t\t\t\t\t\t\t<\/div>\n\t\t\t\t\t<\/div>\n\t\t\t\t<\/div>\n\t\t\t\t\t\t<\/div>\n\t\t\t\t<\/div>\n\t\t\t\t\t<\/div>\n\t\t<\/div>\n\t\t\t\t\t<\/div>\n\t\t<\/section>\n\t\t\t\t<section class=\"elementor-section elementor-top-section elementor-element elementor-element-3e85343 elementor-section-boxed elementor-section-height-default elementor-section-height-default\" data-id=\"3e85343\" data-element_type=\"section\" data-e-type=\"section\">\n\t\t\t\t\t\t<div class=\"elementor-container elementor-column-gap-default\">\n\t\t\t\t\t<div class=\"elementor-column elementor-col-100 elementor-top-column elementor-element elementor-element-df307db\" data-id=\"df307db\" data-element_type=\"column\" data-e-type=\"column\">\n\t\t\t<div class=\"elementor-widget-wrap elementor-element-populated\">\n\t\t\t\t\t\t<div class=\"elementor-element elementor-element-acf5522 elementor-widget elementor-widget-driving_school_news_slider\" data-id=\"acf5522\" data-element_type=\"widget\" data-e-type=\"widget\" data-widget_type=\"driving_school_news_slider.default\">\n\t\t\t\t<div class=\"elementor-widget-container\">\n\t\t\t\t\t\n\t<div class=\"container\">\n\t\t\t\t<h3 class=\"tt-title-lg text-center content_typography_title\">Neuigkeiten<\/h3>\n\t\t\t\t\t<div class=\"row\">\n\t\t<div class=\"tt-news-carousel carousel-top slick-arrow-01 \" data-slick='{\"mobile_first\":\"true\",\"slides_to_show\":3,\"slides_to_scroll\":1,\"pause_on_hover\":\"true\",\"autoplay\":\"true\",\"autoplay_speed\":\"2000\",\"dots\":\"true\",\"arrows\":\"true\",\"infinite\":\"true\",\"adaptiveHeight\":\"true\"}'>\n\t\t\t\t\t\t\t\t<div class=\"item\">\n\t\t\t\t\t\t<div class=\"tt-box-news\">\n\t\t\t\t\t\t\t<a href=\"https:\/\/fahrschule-schleich.de\/?p=3771\" class=\"image\">\n\t\t\t\t\t\t\t\t\t\t\t\t\t\t\t\t<div class=\"time\"><span>25<\/span>Juli<\/div>\n\t\t\t\t\t\t\t<\/a>\n\t\t\t\t\t\t\t<div class=\"description\">\n\t\t\t\t\t\t\t\t<h6><a href=\"https:\/\/fahrschule-schleich.de\/?p=3771\">Theoriewochen<\/a><\/h6>\n\t\t\t\t\t\t\t\t<p>Der n\u00e4chste Intensivkurs findet vom 23.03.2026 bis 31.03.2026 in der Filiale Mainz-Gonsenheim statt. 14 Lektionen in 7 Tagen.<\/p>\n\t\t\t\t\t\t\t\t<div class=\"info\">\n\t\t\t\t\t\t\t\t\t<a href=\"https:\/\/fahrschule-schleich.de\/?p=3771\" class=\"comments\">0 Comment<\/a>\n\t\t\t\t\t\t\t\t\t<a class=\"link-transition icon-right-arrow-1\" href=\"https:\/\/fahrschule-schleich.de\/?p=3771\"><\/a>\n\t\t\t\t\t\t\t\t<\/div>\n\t\t\t\t\t\t\t<\/div>\n\t\t\t\t\t\t<\/div>\n\t\t\t\t\t<\/div>\n\t\t\t\t\t\t\t<\/div>\n\t\t<\/div>\n\t<\/div>\n\t\t\t\t\t\t<\/div>\n\t\t\t\t<\/div>\n\t\t\t\t\t<\/div>\n\t\t<\/div>\n\t\t\t\t\t<\/div>\n\t\t<\/section>\n\t\t\t\t<section class=\"elementor-section elementor-top-section elementor-element elementor-element-d865c8b elementor-section-boxed elementor-section-height-default elementor-section-height-default\" data-id=\"d865c8b\" data-element_type=\"section\" data-e-type=\"section\">\n\t\t\t\t\t\t<div class=\"elementor-container elementor-column-gap-default\">\n\t\t\t\t\t<div class=\"elementor-column elementor-col-100 elementor-top-column elementor-element elementor-element-1a6cefd\" data-id=\"1a6cefd\" data-element_type=\"column\" data-e-type=\"column\">\n\t\t\t<div class=\"elementor-widget-wrap elementor-element-populated\">\n\t\t\t\t\t\t<div class=\"elementor-element elementor-element-12f63b6 elementor-widget elementor-widget-image\" data-id=\"12f63b6\" data-element_type=\"widget\" data-e-type=\"widget\" data-widget_type=\"image.default\">\n\t\t\t\t<div class=\"elementor-widget-container\">\n\t\t\t\t\t\t\t\t\t\t\t\t\t\t\t<img decoding=\"async\" width=\"1920\" height=\"815\" src=\"https:\/\/i0.wp.com\/fahrschule-schleich.de\/wp-content\/uploads\/2023\/04\/startslide.png?fit=1920%2C815&amp;ssl=1\" class=\"attachment-2048x2048 size-2048x2048 wp-image-2676\" alt=\"\" srcset=\"https:\/\/i0.wp.com\/fahrschule-schleich.de\/wp-content\/uploads\/2023\/04\/startslide.png?w=1920&amp;ssl=1 1920w, https:\/\/i0.wp.com\/fahrschule-schleich.de\/wp-content\/uploads\/2023\/04\/startslide.png?resize=300%2C127&amp;ssl=1 300w, https:\/\/i0.wp.com\/fahrschule-schleich.de\/wp-content\/uploads\/2023\/04\/startslide.png?resize=1024%2C435&amp;ssl=1 1024w, https:\/\/i0.wp.com\/fahrschule-schleich.de\/wp-content\/uploads\/2023\/04\/startslide.png?resize=768%2C326&amp;ssl=1 768w, https:\/\/i0.wp.com\/fahrschule-schleich.de\/wp-content\/uploads\/2023\/04\/startslide.png?resize=1536%2C652&amp;ssl=1 1536w, https:\/\/i0.wp.com\/fahrschule-schleich.de\/wp-content\/uploads\/2023\/04\/startslide.png?resize=870%2C369&amp;ssl=1 870w, https:\/\/i0.wp.com\/fahrschule-schleich.de\/wp-content\/uploads\/2023\/04\/startslide.png?resize=483%2C205&amp;ssl=1 483w, https:\/\/i0.wp.com\/fahrschule-schleich.de\/wp-content\/uploads\/2023\/04\/startslide.png?resize=462%2C196&amp;ssl=1 462w, https:\/\/i0.wp.com\/fahrschule-schleich.de\/wp-content\/uploads\/2023\/04\/startslide.png?w=1280&amp;ssl=1 1280w\" sizes=\"(max-width: 640px) 100vw, 640px\" \/>\t\t\t\t\t\t\t\t\t\t\t\t\t\t\t<\/div>\n\t\t\t\t<\/div>\n\t\t\t\t\t<\/div>\n\t\t<\/div>\n\t\t\t\t\t<\/div>\n\t\t<\/section>\n\t\t\t\t<section class=\"elementor-section elementor-top-section elementor-element elementor-element-962b18e elementor-section-boxed elementor-section-height-default elementor-section-height-default\" data-id=\"962b18e\" data-element_type=\"section\" data-e-type=\"section\">\n\t\t\t\t\t\t<div class=\"elementor-container elementor-column-gap-default\">\n\t\t\t\t\t<div class=\"elementor-column elementor-col-100 elementor-top-column elementor-element elementor-element-99c4f52\" data-id=\"99c4f52\" data-element_type=\"column\" data-e-type=\"column\">\n\t\t\t<div class=\"elementor-widget-wrap elementor-element-populated\">\n\t\t\t\t\t\t<div class=\"elementor-element elementor-element-100971e elementor-widget elementor-widget-promo_banner\" data-id=\"100971e\" data-element_type=\"widget\" data-e-type=\"widget\" data-widget_type=\"promo_banner.default\">\n\t\t\t\t<div class=\"elementor-widget-container\">\n\t\t\t\t\t\t\t\t<div class=\"tt-promo-03\">\n\t\t\t\t<div class=\"container\">\n\t\t\t\t\t<div class=\"tt-description\">\n\t\t\t\t\t\t<h2 class=\"tt-title content_typography\">Vereinbare jetzt ein <span>Beratungsgespr\u00e4ch<\/span> mit uns!<\/h2>\n\t\t\t\t\t\t<div >\t\t\t\t\t\t<\/div>\n\t\t\t\t\t\t<address >\n\t\t\t\t\t\t\t0171 - 478 508 2\t\t\t\t\t\t<\/address>\n\t\t\t\t\t\t\t\t\t\t\t<\/div>\n\t\t\t\t<\/div>\n\t\t\t<\/div>\n\t\t\t\t\t\t<\/div>\n\t\t\t\t<\/div>\n\t\t\t\t<div class=\"elementor-element elementor-element-8d481ad elementor-widget__width-initial elementor-widget elementor-widget-driving_school_icon_box\" data-id=\"8d481ad\" data-element_type=\"widget\" data-e-type=\"widget\" data-widget_type=\"driving_school_icon_box.default\">\n\t\t\t\t<div class=\"elementor-widget-container\">\n\t\t\t\t\t\t\t\n\t\t\t<div class=\"container\">\n\t\t\t\t<div class=\"row\">\n\t\t\t\t\t<h3 class=\"tt-title-lg text-center content_typography\">Warum <strong>Fahrschule Schleich<\/strong>?<\/h3>\n\t\t\t\t\t<div class=\"text-center text-md max-width70\">\n\t\t\t\t\t\t\t<\/div>\n\t\t\t\t\t<div class=\"box-row col-third tt-box-layout-icon slick-arrow-01\">\n\t\t\t\t\t\t\t\t\t<div class=\"col-item\">\n\t\t\t\t\t\t\t\t<div class=\"icon\">\n\t\t\t<i aria-hidden=\"true\" class=\" icon-protection-shield-with-a-check-mark\"><\/i>\t\t\t\t\t\t\t\t\t<!--<i class=\"icon-protection-shield-with-a-check-mark\"><\/i>-->\n\t\t\t\t\t\t\t\t<\/div>\n\t\t\t\t\t\t\t<h6 class=\"content_typography\">H\u00f6chste Sicherheitsma\u00dfnahmen<\/h6>\t\t\t\t\t\t\t\t\t\t\t<p>Unsere Fahrlehrer sind immer auf dem neuesten Stand der Sicherheitstechniken und Verkehrsregeln.<\/p>\n\t\t\t\t\t\t\t<\/div>\n\t\t\t\t\t\t\t\t\t\t<div class=\"col-item\">\n\t\t\t\t\t\t\t\t<div class=\"icon\">\n\t\t\t<i aria-hidden=\"true\" class=\" icon-people-1\"><\/i>\t\t\t\t\t\t\t\t\t<!--<i class=\"icon-protection-shield-with-a-check-mark\"><\/i>-->\n\t\t\t\t\t\t\t\t<\/div>\n\t\t\t\t\t\t\t<h6 class=\"content_typography\">Erfahrene Fahrlehrer<\/h6>\t\t\t\t\t\t\t\t\t\t\t<p>Unsere Fahrlehrer weisen Jahrzehnte lange Unterrichtserfahrung vor, ebenso sind sie Geistig und K\u00f6rperlich fit.<\/p>\n\t\t\t\t\t\t\t<\/div>\n\t\t\t\t\t\t\t\t\t\t<div class=\"col-item\">\n\t\t\t\t\t\t\t\t<div class=\"icon\">\n\t\t\t<i aria-hidden=\"true\" class=\" icon-money\"><\/i>\t\t\t\t\t\t\t\t\t<!--<i class=\"icon-protection-shield-with-a-check-mark\"><\/i>-->\n\t\t\t\t\t\t\t\t<\/div>\n\t\t\t\t\t\t\t<h6 class=\"content_typography\">\u00dcberschaubare Geb\u00fchren<\/h6>\t\t\t\t\t\t\t\t\t\t\t<p>Wir wissen, dass ein F\u00fchrerschein teuer sein kann, deshalb \u00fcberwachen wir stetig, deine entstandenen Kosten.<\/p>\n\t\t\t\t\t\t\t<\/div>\n\t\t\t\t\t\t\t\t\t\t<div class=\"col-item\">\n\t\t\t\t\t\t\t\t<div class=\"icon\">\n\t\t\t<i aria-hidden=\"true\" class=\"fas fa-house-user\"><\/i>\t\t\t\t\t\t\t\t\t<!--<i class=\"icon-protection-shield-with-a-check-mark\"><\/i>-->\n\t\t\t\t\t\t\t\t<\/div>\n\t\t\t\t\t\t\t<h6 class=\"content_typography\">Anzahl der Filialen<\/h6>\t\t\t\t\t\t\t\t\t\t\t<p>Wir haben 3 Filialen in Mainz, so hast Du immer den k\u00fcrzesten Weg zu uns.<\/p>\n\t\t\t\t\t\t\t<\/div>\n\t\t\t\t\t\t\t\t\t\t<div class=\"col-item\">\n\t\t\t\t\t\t\t\t<div class=\"icon\">\n\t\t\t<i aria-hidden=\"true\" class=\"icon- icon-car-steering-wheel\"><\/i>\t\t\t\t\t\t\t\t\t<!--<i class=\"icon-protection-shield-with-a-check-mark\"><\/i>-->\n\t\t\t\t\t\t\t\t<\/div>\n\t\t\t\t\t\t\t<h6 class=\"content_typography\">Fahrsimulator<\/h6>\t\t\t\t\t\t\t\t\t\t\t<p>Wir bieten Dir einen Fahrsimulator ab, der dich perfekt auf die erste Fahrstunde vorbereitet.<\/p>\n\t\t\t\t\t\t\t<\/div>\n\t\t\t\t\t\t\t\t<\/div>\n\t\t\t\t<\/div>\n\t\t\t<\/div>\n\t\t\t\t\t\t<\/div>\n\t\t\t\t<\/div>\n\t\t\t\t\t<\/div>\n\t\t<\/div>\n\t\t\t\t\t<\/div>\n\t\t<\/section>\n\t\t\t\t<section class=\"elementor-section elementor-top-section elementor-element elementor-element-dbabb33 elementor-section-boxed elementor-section-height-default elementor-section-height-default\" data-id=\"dbabb33\" data-element_type=\"section\" data-e-type=\"section\">\n\t\t\t\t\t\t<div class=\"elementor-container elementor-column-gap-default\">\n\t\t\t\t\t<div class=\"elementor-column elementor-col-100 elementor-top-column elementor-element elementor-element-706e670\" data-id=\"706e670\" data-element_type=\"column\" data-e-type=\"column\">\n\t\t\t<div class=\"elementor-widget-wrap\">\n\t\t\t\t\t\t\t<\/div>\n\t\t<\/div>\n\t\t\t\t\t<\/div>\n\t\t<\/section>\n\t\t\t\t<\/div>\n\t\t","protected":false},"excerpt":{"rendered":"<p>3Fahrlehrer 50Jahre Erfahrung 3Filialen Herzlich Willkommen auf der Website der Fahrschule Schleich. Wir sind mit vier Zweigstellen in Mainz vertreten. Das bedeutet f\u00fcr dich:Du kannst dich jeden Tag, pers\u00f6nlich sowie fachkompetent von uns beraten lassen. Hier erkl\u00e4ren wir dir, was du f\u00fcr die theoretische und praktische Ausbildung, der jeweiligen F\u00fchrerscheinklasse ben\u00f6tigst. Wenn du m\u00f6chtest, hast [&hellip;]<\/p>\n","protected":false},"author":3,"featured_media":0,"parent":0,"menu_order":0,"comment_status":"closed","ping_status":"closed","template":"","meta":{"footnotes":""},"class_list":["post-8","page","type-page","status-publish","hentry"],"yoast_head":"<!-- This site is optimized with the Yoast SEO plugin v27.4 - https:\/\/yoast.com\/product\/yoast-seo-wordpress\/ -->\n<title>Fahrschule-Schleich<\/title>\n<meta name=\"description\" content=\"Uns gibt es mit f\u00fcnf Zweigstellen in Mainz. Wir erkl\u00e4ren Dir, was f\u00fcr deinen F\u00fchrerschein ben\u00f6tigt wird. Wir freuen uns, von Dir zu h\u00f6ren.\" \/>\n<meta name=\"robots\" content=\"index, follow, max-snippet:-1, max-image-preview:large, max-video-preview:-1\" \/>\n<link rel=\"canonical\" href=\"https:\/\/fahrschule-schleich.de\/\" \/>\n<meta property=\"og:locale\" content=\"de_DE\" \/>\n<meta property=\"og:type\" content=\"article\" \/>\n<meta property=\"og:title\" content=\"Fahrschule-Schleich\" \/>\n<meta property=\"og:description\" content=\"Uns gibt es mit f\u00fcnf Zweigstellen in Mainz. Wir erkl\u00e4ren Dir, was f\u00fcr deinen F\u00fchrerschein ben\u00f6tigt wird. Wir freuen uns, von Dir zu h\u00f6ren.\" \/>\n<meta property=\"og:url\" content=\"https:\/\/fahrschule-schleich.de\/\" \/>\n<meta property=\"og:site_name\" content=\"Fahrschule-Schleich\" \/>\n<meta property=\"article:publisher\" content=\"https:\/\/www.facebook.com\/FahrschuleSchleich\/\" \/>\n<meta property=\"article:modified_time\" content=\"2026-04-17T05:24:05+00:00\" \/>\n<meta property=\"og:image\" content=\"https:\/\/fahrschule-schleich.de\/wp-content\/uploads\/2026\/04\/Intensivkurs-2-768x960.png\" \/>\n<meta name=\"twitter:card\" content=\"summary_large_image\" \/>\n<meta name=\"twitter:label1\" content=\"Gesch\u00e4tzte Lesezeit\" \/>\n\t<meta name=\"twitter:data1\" content=\"5\u00a0Minuten\" \/>\n<script type=\"application\/ld+json\" class=\"yoast-schema-graph\">{\"@context\":\"https:\\\/\\\/schema.org\",\"@graph\":[{\"@type\":\"WebPage\",\"@id\":\"https:\\\/\\\/fahrschule-schleich.de\\\/\",\"url\":\"https:\\\/\\\/fahrschule-schleich.de\\\/\",\"name\":\"Fahrschule-Schleich\",\"isPartOf\":{\"@id\":\"https:\\\/\\\/fahrschule-schleich.de\\\/#website\"},\"primaryImageOfPage\":{\"@id\":\"https:\\\/\\\/fahrschule-schleich.de\\\/#primaryimage\"},\"image\":{\"@id\":\"https:\\\/\\\/fahrschule-schleich.de\\\/#primaryimage\"},\"thumbnailUrl\":\"https:\\\/\\\/fahrschule-schleich.de\\\/wp-content\\\/uploads\\\/2026\\\/04\\\/Intensivkurs-2-768x960.png\",\"datePublished\":\"2024-12-10T09:54:00+00:00\",\"dateModified\":\"2026-04-17T05:24:05+00:00\",\"description\":\"Uns gibt es mit f\u00fcnf Zweigstellen in Mainz. Wir erkl\u00e4ren Dir, was f\u00fcr deinen F\u00fchrerschein ben\u00f6tigt wird. Wir freuen uns, von Dir zu h\u00f6ren.\",\"breadcrumb\":{\"@id\":\"https:\\\/\\\/fahrschule-schleich.de\\\/#breadcrumb\"},\"inLanguage\":\"de\",\"potentialAction\":[{\"@type\":\"ReadAction\",\"target\":[\"https:\\\/\\\/fahrschule-schleich.de\\\/\"]}]},{\"@type\":\"ImageObject\",\"inLanguage\":\"de\",\"@id\":\"https:\\\/\\\/fahrschule-schleich.de\\\/#primaryimage\",\"url\":\"https:\\\/\\\/i0.wp.com\\\/fahrschule-schleich.de\\\/wp-content\\\/uploads\\\/2026\\\/04\\\/Intensivkurs-2.png?fit=1080%2C1350&ssl=1\",\"contentUrl\":\"https:\\\/\\\/i0.wp.com\\\/fahrschule-schleich.de\\\/wp-content\\\/uploads\\\/2026\\\/04\\\/Intensivkurs-2.png?fit=1080%2C1350&ssl=1\",\"width\":1080,\"height\":1350},{\"@type\":\"BreadcrumbList\",\"@id\":\"https:\\\/\\\/fahrschule-schleich.de\\\/#breadcrumb\",\"itemListElement\":[{\"@type\":\"ListItem\",\"position\":1,\"name\":\"Home\",\"item\":\"https:\\\/\\\/fahrschule-schleich.de\\\/\"},{\"@type\":\"ListItem\",\"position\":2,\"name\":\"Home\"}]},{\"@type\":\"WebSite\",\"@id\":\"https:\\\/\\\/fahrschule-schleich.de\\\/#website\",\"url\":\"https:\\\/\\\/fahrschule-schleich.de\\\/\",\"name\":\"Fahrschule Schleich\",\"description\":\"Der Name ist jedoch NICHT Programm!\",\"publisher\":{\"@id\":\"https:\\\/\\\/fahrschule-schleich.de\\\/#organization\"},\"alternateName\":\"Fahrschule-Schleich\",\"potentialAction\":[{\"@type\":\"SearchAction\",\"target\":{\"@type\":\"EntryPoint\",\"urlTemplate\":\"https:\\\/\\\/fahrschule-schleich.de\\\/?s={search_term_string}\"},\"query-input\":{\"@type\":\"PropertyValueSpecification\",\"valueRequired\":true,\"valueName\":\"search_term_string\"}}],\"inLanguage\":\"de\"},{\"@type\":\"Organization\",\"@id\":\"https:\\\/\\\/fahrschule-schleich.de\\\/#organization\",\"name\":\"Fahrschule Schleich\",\"url\":\"https:\\\/\\\/fahrschule-schleich.de\\\/\",\"logo\":{\"@type\":\"ImageObject\",\"inLanguage\":\"de\",\"@id\":\"https:\\\/\\\/fahrschule-schleich.de\\\/#\\\/schema\\\/logo\\\/image\\\/\",\"url\":\"https:\\\/\\\/i0.wp.com\\\/fahrschule-schleich.de\\\/wp-content\\\/uploads\\\/2023\\\/03\\\/fs_logo.png?fit=983%2C495&ssl=1\",\"contentUrl\":\"https:\\\/\\\/i0.wp.com\\\/fahrschule-schleich.de\\\/wp-content\\\/uploads\\\/2023\\\/03\\\/fs_logo.png?fit=983%2C495&ssl=1\",\"width\":983,\"height\":495,\"caption\":\"Fahrschule Schleich\"},\"image\":{\"@id\":\"https:\\\/\\\/fahrschule-schleich.de\\\/#\\\/schema\\\/logo\\\/image\\\/\"},\"sameAs\":[\"https:\\\/\\\/www.facebook.com\\\/FahrschuleSchleich\\\/\",\"https:\\\/\\\/www.instagram.com\\\/fahrschuleschleich\\\/\"]}]}<\/script>\n<!-- \/ Yoast SEO plugin. -->","yoast_head_json":{"title":"Fahrschule-Schleich","description":"Uns gibt es mit f\u00fcnf Zweigstellen in Mainz. Wir erkl\u00e4ren Dir, was f\u00fcr deinen F\u00fchrerschein ben\u00f6tigt wird. Wir freuen uns, von Dir zu h\u00f6ren.","robots":{"index":"index","follow":"follow","max-snippet":"max-snippet:-1","max-image-preview":"max-image-preview:large","max-video-preview":"max-video-preview:-1"},"canonical":"https:\/\/fahrschule-schleich.de\/","og_locale":"de_DE","og_type":"article","og_title":"Fahrschule-Schleich","og_description":"Uns gibt es mit f\u00fcnf Zweigstellen in Mainz. Wir erkl\u00e4ren Dir, was f\u00fcr deinen F\u00fchrerschein ben\u00f6tigt wird. Wir freuen uns, von Dir zu h\u00f6ren.","og_url":"https:\/\/fahrschule-schleich.de\/","og_site_name":"Fahrschule-Schleich","article_publisher":"https:\/\/www.facebook.com\/FahrschuleSchleich\/","article_modified_time":"2026-04-17T05:24:05+00:00","og_image":[{"url":"https:\/\/fahrschule-schleich.de\/wp-content\/uploads\/2026\/04\/Intensivkurs-2-768x960.png","type":"","width":"","height":""}],"twitter_card":"summary_large_image","twitter_misc":{"Gesch\u00e4tzte Lesezeit":"5\u00a0Minuten"},"schema":{"@context":"https:\/\/schema.org","@graph":[{"@type":"WebPage","@id":"https:\/\/fahrschule-schleich.de\/","url":"https:\/\/fahrschule-schleich.de\/","name":"Fahrschule-Schleich","isPartOf":{"@id":"https:\/\/fahrschule-schleich.de\/#website"},"primaryImageOfPage":{"@id":"https:\/\/fahrschule-schleich.de\/#primaryimage"},"image":{"@id":"https:\/\/fahrschule-schleich.de\/#primaryimage"},"thumbnailUrl":"https:\/\/fahrschule-schleich.de\/wp-content\/uploads\/2026\/04\/Intensivkurs-2-768x960.png","datePublished":"2024-12-10T09:54:00+00:00","dateModified":"2026-04-17T05:24:05+00:00","description":"Uns gibt es mit f\u00fcnf Zweigstellen in Mainz. Wir erkl\u00e4ren Dir, was f\u00fcr deinen F\u00fchrerschein ben\u00f6tigt wird. Wir freuen uns, von Dir zu h\u00f6ren.","breadcrumb":{"@id":"https:\/\/fahrschule-schleich.de\/#breadcrumb"},"inLanguage":"de","potentialAction":[{"@type":"ReadAction","target":["https:\/\/fahrschule-schleich.de\/"]}]},{"@type":"ImageObject","inLanguage":"de","@id":"https:\/\/fahrschule-schleich.de\/#primaryimage","url":"https:\/\/i0.wp.com\/fahrschule-schleich.de\/wp-content\/uploads\/2026\/04\/Intensivkurs-2.png?fit=1080%2C1350&ssl=1","contentUrl":"https:\/\/i0.wp.com\/fahrschule-schleich.de\/wp-content\/uploads\/2026\/04\/Intensivkurs-2.png?fit=1080%2C1350&ssl=1","width":1080,"height":1350},{"@type":"BreadcrumbList","@id":"https:\/\/fahrschule-schleich.de\/#breadcrumb","itemListElement":[{"@type":"ListItem","position":1,"name":"Home","item":"https:\/\/fahrschule-schleich.de\/"},{"@type":"ListItem","position":2,"name":"Home"}]},{"@type":"WebSite","@id":"https:\/\/fahrschule-schleich.de\/#website","url":"https:\/\/fahrschule-schleich.de\/","name":"Fahrschule Schleich","description":"Der Name ist jedoch NICHT Programm!","publisher":{"@id":"https:\/\/fahrschule-schleich.de\/#organization"},"alternateName":"Fahrschule-Schleich","potentialAction":[{"@type":"SearchAction","target":{"@type":"EntryPoint","urlTemplate":"https:\/\/fahrschule-schleich.de\/?s={search_term_string}"},"query-input":{"@type":"PropertyValueSpecification","valueRequired":true,"valueName":"search_term_string"}}],"inLanguage":"de"},{"@type":"Organization","@id":"https:\/\/fahrschule-schleich.de\/#organization","name":"Fahrschule Schleich","url":"https:\/\/fahrschule-schleich.de\/","logo":{"@type":"ImageObject","inLanguage":"de","@id":"https:\/\/fahrschule-schleich.de\/#\/schema\/logo\/image\/","url":"https:\/\/i0.wp.com\/fahrschule-schleich.de\/wp-content\/uploads\/2023\/03\/fs_logo.png?fit=983%2C495&ssl=1","contentUrl":"https:\/\/i0.wp.com\/fahrschule-schleich.de\/wp-content\/uploads\/2023\/03\/fs_logo.png?fit=983%2C495&ssl=1","width":983,"height":495,"caption":"Fahrschule Schleich"},"image":{"@id":"https:\/\/fahrschule-schleich.de\/#\/schema\/logo\/image\/"},"sameAs":["https:\/\/www.facebook.com\/FahrschuleSchleich\/","https:\/\/www.instagram.com\/fahrschuleschleich\/"]}]}},"jetpack-related-posts":[{"id":77,"url":"https:\/\/fahrschule-schleich.de\/?page_id=77","url_meta":{"origin":8,"position":0},"title":"\u00dcber uns","author":"","date":"Dezember 10, 2024","format":false,"excerpt":"Der Name ist jedoch NICHT Programm!Die Fahrschule Schleich wurde 1974 von Hans Schleich gegr\u00fcndet.Dieser hatte damals zwei Filialen in Finthen und in Drais.B.R, der selbst Fahrsch\u00fcler in der Fahrschule Schleich war, absolvierte 1989 seine Fahrlehrerpr\u00fcfung in allen Klassen.Seit dem 01.01.2000 war er bei Fahrschule Schleich als Fahrlehrer angestellt.Am 01.07.2003 \u00fcbernahm\u2026","rel":"","context":"\u00c4hnlicher Beitrag","block_context":{"text":"\u00c4hnlicher Beitrag","link":""},"img":{"alt_text":"","src":"https:\/\/i0.wp.com\/fahrschule-schleich.de\/wp-content\/uploads\/2023\/03\/fs_logo-300x151.png?resize=350%2C200&ssl=1","width":350,"height":200},"classes":[]},{"id":2396,"url":"https:\/\/fahrschule-schleich.de\/?page_id=2396","url_meta":{"origin":8,"position":1},"title":"Tipps zum lernen","author":"","date":"Dezember 10, 2024","format":false,"excerpt":"Hier m\u00f6chten wir Dir ein paar Empfehlungen geben, wie Du am Besten und Effektivsten lernen kannst. Lernen zu Hause Hier stellen wir dir eine Auswahl an Tipps und Lernm\u00f6glichkeiten vor.Unsere Fahrschule benutzt ausschlie\u00dflich das Lehrmaterial vom Vogel Verlag. Der Verlag benutzt nur originale Pr\u00fcfungsfragen, die man auch in der theoretischen\u2026","rel":"","context":"\u00c4hnlicher Beitrag","block_context":{"text":"\u00c4hnlicher Beitrag","link":""},"img":{"alt_text":"","src":"","width":0,"height":0},"classes":[]},{"id":2539,"url":"https:\/\/fahrschule-schleich.de\/?page_id=2539","url_meta":{"origin":8,"position":2},"title":"Verkehrszeichen","author":"","date":"Dezember 10, 2024","format":false,"excerpt":"Gefahrzeichen nach Anlage 1 zu \u00a7 40 StVO Gefahrstelle Kreuzung oder Einm\u00fcndung mit Vorfahrt von rechts Kurve (links) Kurve (rechts) Doppelkurve (zun\u00e4chst links) Doppelkurve (zun\u00e4chst rechts) Gef\u00e4lle 4% Steigung 4% unebene Fahrbahn Schleudergefahr bei N\u00e4sse oder Schmutz Seitenwind verengte Fahrbahn einseitig (rechts) verengte Fahrbahn einseitig (links) verengte Fahrbahn Baustelle Stau\u2026","rel":"","context":"\u00c4hnlicher Beitrag","block_context":{"text":"\u00c4hnlicher Beitrag","link":""},"img":{"alt_text":"","src":"","width":0,"height":0},"classes":[]},{"id":2409,"url":"https:\/\/fahrschule-schleich.de\/?page_id=2409","url_meta":{"origin":8,"position":3},"title":"Service","author":"","date":"Dezember 10, 2024","format":false,"excerpt":"Auf unseren Service Seiten m\u00f6chten wir Dir gerne ein wenig Unterst\u00fctzung bieten, was Deinen F\u00fchrerschein angeht. Links Ein paar n\u00fctzliche Links, welche Dir f\u00fcr Deinen F\u00fchrerschein helfen k\u00f6nnten.Fahrerlaubnisbeh\u00f6rde MainzT\u00dcV Rheinland \u2013 F\u00fchrerschein Downloads Hier findest Du eine Auflistung an Dokumenten, welche Dir wichtige und n\u00fctzliche Informationen liefern sowie dich beim\u2026","rel":"","context":"\u00c4hnlicher Beitrag","block_context":{"text":"\u00c4hnlicher Beitrag","link":""},"img":{"alt_text":"","src":"","width":0,"height":0},"classes":[]},{"id":2333,"url":"https:\/\/fahrschule-schleich.de\/?page_id=2333","url_meta":{"origin":8,"position":4},"title":"Klassen &#8211; PKW","author":"","date":"Dezember 10, 2024","format":false,"excerpt":"Alle F\u00fchrerscheine, welche nach dem 19.01.2013 ausgestellte wurden, werden auf 15 Jahre befristet. Nach Ablauf dieser Frist werden die F\u00fchrerscheine nur verwaltungstechnisch umgetauscht. Der Umtausch ist nicht mit einer \u00e4rztlichen oder sonstigen Untersuchung verbunden. Bis 2033 m\u00fcssen zus\u00e4tzlich alle anderen \u2013 bisher unbefristet \u2013 ausgestellten F\u00fchrerscheine erstmalig umgetauscht werden. F\u00fchrerscheinklasse\u2026","rel":"","context":"\u00c4hnlicher Beitrag","block_context":{"text":"\u00c4hnlicher Beitrag","link":""},"img":{"alt_text":"","src":"","width":0,"height":0},"classes":[]},{"id":2283,"url":"https:\/\/fahrschule-schleich.de\/?page_id=2283","url_meta":{"origin":8,"position":5},"title":"Preise","author":"","date":"Dezember 10, 2024","format":false,"excerpt":"Stand: 01.08.2025 PKW - F\u00fchrerscheinklassen \u00a0 B BA BE Grundbetrag (inkl. Simulator Fahrstunde) + Lehrmaterial 349,- \u00a0 69,- \u00a0 349,- \u00a0 69,- 349,- \u00a0 69,- Fahrstunde 73,- 73,- 89,- Sonderfahrten 73,- 73,- 89,- vorst. zur theo. Pr\u00fcfung 85,- 85,- \u2013 vorst. zur prak. Pr\u00fcfung 199,- 199,- 199,- Weitere Informationen zu\u2026","rel":"","context":"\u00c4hnlicher Beitrag","block_context":{"text":"\u00c4hnlicher Beitrag","link":""},"img":{"alt_text":"","src":"https:\/\/i0.wp.com\/fahrschule-schleich.de\/wp-content\/uploads\/2023\/01\/fss_logo-with-shadow.png?fit=1200%2C807&ssl=1&resize=350%2C200","width":350,"height":200,"srcset":"https:\/\/i0.wp.com\/fahrschule-schleich.de\/wp-content\/uploads\/2023\/01\/fss_logo-with-shadow.png?fit=1200%2C807&ssl=1&resize=350%2C200 1x, https:\/\/i0.wp.com\/fahrschule-schleich.de\/wp-content\/uploads\/2023\/01\/fss_logo-with-shadow.png?fit=1200%2C807&ssl=1&resize=525%2C300 1.5x, https:\/\/i0.wp.com\/fahrschule-schleich.de\/wp-content\/uploads\/2023\/01\/fss_logo-with-shadow.png?fit=1200%2C807&ssl=1&resize=700%2C400 2x, https:\/\/i0.wp.com\/fahrschule-schleich.de\/wp-content\/uploads\/2023\/01\/fss_logo-with-shadow.png?fit=1200%2C807&ssl=1&resize=1050%2C600 3x"},"classes":[]}],"jetpack_sharing_enabled":true,"_links":{"self":[{"href":"https:\/\/fahrschule-schleich.de\/index.php?rest_route=\/wp\/v2\/pages\/8","targetHints":{"allow":["GET"]}}],"collection":[{"href":"https:\/\/fahrschule-schleich.de\/index.php?rest_route=\/wp\/v2\/pages"}],"about":[{"href":"https:\/\/fahrschule-schleich.de\/index.php?rest_route=\/wp\/v2\/types\/page"}],"author":[{"embeddable":true,"href":"https:\/\/fahrschule-schleich.de\/index.php?rest_route=\/wp\/v2\/users\/3"}],"replies":[{"embeddable":true,"href":"https:\/\/fahrschule-schleich.de\/index.php?rest_route=%2Fwp%2Fv2%2Fcomments&post=8"}],"version-history":[{"count":264,"href":"https:\/\/fahrschule-schleich.de\/index.php?rest_route=\/wp\/v2\/pages\/8\/revisions"}],"predecessor-version":[{"id":4173,"href":"https:\/\/fahrschule-schleich.de\/index.php?rest_route=\/wp\/v2\/pages\/8\/revisions\/4173"}],"wp:attachment":[{"href":"https:\/\/fahrschule-schleich.de\/index.php?rest_route=%2Fwp%2Fv2%2Fmedia&parent=8"}],"curies":[{"name":"wp","href":"https:\/\/api.w.org\/{rel}","templated":true}]}}