{"id":2739,"date":"2024-12-10T09:54:00","date_gmt":"2024-12-10T09:54:00","guid":{"rendered":"https:\/\/fahrschule-schleich.de\/?page_id=2739"},"modified":"2024-12-10T09:54:00","modified_gmt":"2024-12-10T09:54:00","slug":"klassen-beschleunigte-grundqualifikation-bgq-und-modulschulung","status":"publish","type":"page","link":"https:\/\/fahrschule-schleich.de\/?page_id=2739","title":{"rendered":"Beschleunigte Grundqualifikation (BGQ) und Modulschulung"},"content":{"rendered":"\t\t<div data-elementor-type=\"wp-page\" data-elementor-id=\"2739\" class=\"elementor elementor-2739\">\n\t\t\t\t\t\t<section class=\"elementor-section elementor-top-section elementor-element elementor-element-dda6e43 elementor-section-boxed elementor-section-height-default elementor-section-height-default\" data-id=\"dda6e43\" data-element_type=\"section\" data-e-type=\"section\">\n\t\t\t\t\t\t<div class=\"elementor-container elementor-column-gap-default\">\n\t\t\t\t\t<div class=\"elementor-column elementor-col-100 elementor-top-column elementor-element elementor-element-d6aa412\" data-id=\"d6aa412\" data-element_type=\"column\" data-e-type=\"column\">\n\t\t\t<div class=\"elementor-widget-wrap elementor-element-populated\">\n\t\t\t\t\t\t<div class=\"elementor-element elementor-element-9678f6c elementor-widget elementor-widget-text-editor\" data-id=\"9678f6c\" data-element_type=\"widget\" data-e-type=\"widget\" data-widget_type=\"text-editor.default\">\n\t\t\t\t<div class=\"elementor-widget-container\">\n\t\t\t\t\t\t\t\t\t<p>Alle F\u00fchrerscheine, welche nach dem 19.01.2013 ausgestellte wurden, werden auf 15 Jahre befristet.<br \/>Nach Ablauf dieser Frist werden die F\u00fchrerscheine nur verwaltungstechnisch umgetauscht.<br \/>Der Umtausch ist nicht mit einer \u00e4rztlichen oder sonstigen Untersuchung verbunden.<br \/>Bis 2033 m\u00fcssen zus\u00e4tzlich alle anderen \u2013 bisher unbefristet \u2013 ausgestellten F\u00fchrerscheine erstmalig umgetauscht werden.<\/p>\t\t\t\t\t\t\t\t<\/div>\n\t\t\t\t<\/div>\n\t\t\t\t\t<\/div>\n\t\t<\/div>\n\t\t\t\t\t<\/div>\n\t\t<\/section>\n\t\t\t\t<section class=\"elementor-section elementor-top-section elementor-element elementor-element-e7fc0ad elementor-section-boxed elementor-section-height-default elementor-section-height-default\" data-id=\"e7fc0ad\" data-element_type=\"section\" data-e-type=\"section\">\n\t\t\t\t\t\t<div class=\"elementor-container elementor-column-gap-default\">\n\t\t\t\t\t<div class=\"elementor-column elementor-col-100 elementor-top-column elementor-element elementor-element-7f2a8d9\" data-id=\"7f2a8d9\" data-element_type=\"column\" data-e-type=\"column\">\n\t\t\t<div class=\"elementor-widget-wrap elementor-element-populated\">\n\t\t\t\t\t\t<section class=\"elementor-section elementor-inner-section elementor-element elementor-element-d4aadd1 elementor-section-boxed elementor-section-height-default elementor-section-height-default\" data-id=\"d4aadd1\" data-element_type=\"section\" data-e-type=\"section\">\n\t\t\t\t\t\t<div class=\"elementor-container elementor-column-gap-default\">\n\t\t\t\t\t<div class=\"elementor-column elementor-col-100 elementor-inner-column elementor-element elementor-element-2128a09\" data-id=\"2128a09\" data-element_type=\"column\" data-e-type=\"column\">\n\t\t\t<div class=\"elementor-widget-wrap elementor-element-populated\">\n\t\t\t\t\t\t<div class=\"elementor-element elementor-element-c6bd19f elementor-widget elementor-widget-heading\" data-id=\"c6bd19f\" data-element_type=\"widget\" data-e-type=\"widget\" data-widget_type=\"heading.default\">\n\t\t\t\t<div class=\"elementor-widget-container\">\n\t\t\t\t\t<h3 class=\"elementor-heading-title elementor-size-default\">Beschleunigte Grundqualifikation (BGQ) und Modulschulung<\/h3>\t\t\t\t<\/div>\n\t\t\t\t<\/div>\n\t\t\t\t<div class=\"elementor-element elementor-element-5bd206b elementor-widget elementor-widget-text-editor\" data-id=\"5bd206b\" data-element_type=\"widget\" data-e-type=\"widget\" data-widget_type=\"text-editor.default\">\n\t\t\t\t<div class=\"elementor-widget-container\">\n\t\t\t\t\t\t\t\t\t<p>Auskunft \u00fcber die Beschleunigte Grundqualifikation (BGQ) sowie Modulschulung kannst du direkt erfragen bei:<\/p><p>Maurice Mahn<br \/><a href=\"tel:+491722396946\">0172\/23 96 94 6<\/a><br \/><a href=\"mailto:m.mahn@fahrschule-schleich.de\">m.mahn@fahrschule-schleich.de<\/a><\/p>\t\t\t\t\t\t\t\t<\/div>\n\t\t\t\t<\/div>\n\t\t\t\t\t<\/div>\n\t\t<\/div>\n\t\t\t\t\t<\/div>\n\t\t<\/section>\n\t\t\t\t\t<\/div>\n\t\t<\/div>\n\t\t\t\t\t<\/div>\n\t\t<\/section>\n\t\t\t\t<\/div>\n\t\t","protected":false},"excerpt":{"rendered":"<p>Alle F\u00fchrerscheine, welche nach dem 19.01.2013 ausgestellte wurden, werden auf 15 Jahre befristet.Nach Ablauf dieser Frist werden die F\u00fchrerscheine nur verwaltungstechnisch umgetauscht.Der Umtausch ist nicht mit einer \u00e4rztlichen oder sonstigen Untersuchung verbunden.Bis 2033 m\u00fcssen zus\u00e4tzlich alle anderen \u2013 bisher unbefristet \u2013 ausgestellten F\u00fchrerscheine erstmalig umgetauscht werden. Beschleunigte Grundqualifikation (BGQ) und Modulschulung Auskunft \u00fcber die Beschleunigte [&hellip;]<\/p>\n","protected":false},"author":3,"featured_media":0,"parent":2292,"menu_order":0,"comment_status":"closed","ping_status":"closed","template":"","meta":{"footnotes":""},"class_list":["post-2739","page","type-page","status-publish","hentry"],"yoast_head":"<!-- This site is optimized with the Yoast SEO plugin v27.5 - https:\/\/yoast.com\/product\/yoast-seo-wordpress\/ -->\n<title>Beschleunigte Grundqualifikation (BGQ) und Modulschulung - Fahrschule-Schleich<\/title>\n<meta name=\"description\" content=\"Alles Wissenswerte \u00fcber die verschiedenen Klassen f\u00fcr Zugmaschinen. Hier kannst Du besser ausw\u00e4hlen was f\u00fcr dich am besten passt.\" \/>\n<meta name=\"robots\" content=\"index, follow, max-snippet:-1, max-image-preview:large, max-video-preview:-1\" \/>\n<link rel=\"canonical\" href=\"https:\/\/fahrschule-schleich.de\/?page_id=2739\" \/>\n<meta property=\"og:locale\" content=\"de_DE\" \/>\n<meta property=\"og:type\" content=\"article\" \/>\n<meta property=\"og:title\" content=\"Beschleunigte Grundqualifikation (BGQ) und Modulschulung - Fahrschule-Schleich\" \/>\n<meta property=\"og:description\" content=\"Alles Wissenswerte \u00fcber die verschiedenen Klassen f\u00fcr Zugmaschinen. Hier kannst Du besser ausw\u00e4hlen was f\u00fcr dich am besten passt.\" \/>\n<meta property=\"og:url\" content=\"https:\/\/fahrschule-schleich.de\/?page_id=2739\" \/>\n<meta property=\"og:site_name\" content=\"Fahrschule-Schleich\" \/>\n<meta property=\"article:publisher\" content=\"https:\/\/www.facebook.com\/FahrschuleSchleich\/\" \/>\n<meta property=\"og:image\" content=\"https:\/\/i0.wp.com\/fahrschule-schleich.de\/wp-content\/uploads\/2023\/04\/startslide.png?fit=1920%2C815&ssl=1\" \/>\n\t<meta property=\"og:image:width\" content=\"1920\" \/>\n\t<meta property=\"og:image:height\" content=\"815\" \/>\n\t<meta property=\"og:image:type\" content=\"image\/png\" \/>\n<meta name=\"twitter:card\" content=\"summary_large_image\" \/>\n<meta name=\"twitter:label1\" content=\"Gesch\u00e4tzte Lesezeit\" \/>\n\t<meta name=\"twitter:data1\" content=\"1\u00a0Minute\" \/>\n<script type=\"application\/ld+json\" class=\"yoast-schema-graph\">{\"@context\":\"https:\\\/\\\/schema.org\",\"@graph\":[{\"@type\":\"WebPage\",\"@id\":\"https:\\\/\\\/fahrschule-schleich.de\\\/?page_id=2739\",\"url\":\"https:\\\/\\\/fahrschule-schleich.de\\\/?page_id=2739\",\"name\":\"Beschleunigte Grundqualifikation (BGQ) und Modulschulung - Fahrschule-Schleich\",\"isPartOf\":{\"@id\":\"https:\\\/\\\/fahrschule-schleich.de\\\/#website\"},\"datePublished\":\"2024-12-10T09:54:00+00:00\",\"description\":\"Alles Wissenswerte \u00fcber die verschiedenen Klassen f\u00fcr Zugmaschinen. Hier kannst Du besser ausw\u00e4hlen was f\u00fcr dich am besten passt.\",\"breadcrumb\":{\"@id\":\"https:\\\/\\\/fahrschule-schleich.de\\\/?page_id=2739#breadcrumb\"},\"inLanguage\":\"de\",\"potentialAction\":[{\"@type\":\"ReadAction\",\"target\":[\"https:\\\/\\\/fahrschule-schleich.de\\\/?page_id=2739\"]}]},{\"@type\":\"BreadcrumbList\",\"@id\":\"https:\\\/\\\/fahrschule-schleich.de\\\/?page_id=2739#breadcrumb\",\"itemListElement\":[{\"@type\":\"ListItem\",\"position\":1,\"name\":\"Home\",\"item\":\"https:\\\/\\\/fahrschule-schleich.de\\\/\"},{\"@type\":\"ListItem\",\"position\":2,\"name\":\"Ausbildung\",\"item\":\"https:\\\/\\\/fahrschule-schleich.de\\\/?page_id=2292\"},{\"@type\":\"ListItem\",\"position\":3,\"name\":\"Beschleunigte Grundqualifikation (BGQ) und Modulschulung\"}]},{\"@type\":\"WebSite\",\"@id\":\"https:\\\/\\\/fahrschule-schleich.de\\\/#website\",\"url\":\"https:\\\/\\\/fahrschule-schleich.de\\\/\",\"name\":\"Fahrschule Schleich\",\"description\":\"Der Name ist jedoch NICHT Programm!\",\"publisher\":{\"@id\":\"https:\\\/\\\/fahrschule-schleich.de\\\/#organization\"},\"alternateName\":\"Fahrschule-Schleich\",\"potentialAction\":[{\"@type\":\"SearchAction\",\"target\":{\"@type\":\"EntryPoint\",\"urlTemplate\":\"https:\\\/\\\/fahrschule-schleich.de\\\/?s={search_term_string}\"},\"query-input\":{\"@type\":\"PropertyValueSpecification\",\"valueRequired\":true,\"valueName\":\"search_term_string\"}}],\"inLanguage\":\"de\"},{\"@type\":\"Organization\",\"@id\":\"https:\\\/\\\/fahrschule-schleich.de\\\/#organization\",\"name\":\"Fahrschule Schleich\",\"url\":\"https:\\\/\\\/fahrschule-schleich.de\\\/\",\"logo\":{\"@type\":\"ImageObject\",\"inLanguage\":\"de\",\"@id\":\"https:\\\/\\\/fahrschule-schleich.de\\\/#\\\/schema\\\/logo\\\/image\\\/\",\"url\":\"https:\\\/\\\/i0.wp.com\\\/fahrschule-schleich.de\\\/wp-content\\\/uploads\\\/2023\\\/03\\\/fs_logo.png?fit=983%2C495&ssl=1\",\"contentUrl\":\"https:\\\/\\\/i0.wp.com\\\/fahrschule-schleich.de\\\/wp-content\\\/uploads\\\/2023\\\/03\\\/fs_logo.png?fit=983%2C495&ssl=1\",\"width\":983,\"height\":495,\"caption\":\"Fahrschule Schleich\"},\"image\":{\"@id\":\"https:\\\/\\\/fahrschule-schleich.de\\\/#\\\/schema\\\/logo\\\/image\\\/\"},\"sameAs\":[\"https:\\\/\\\/www.facebook.com\\\/FahrschuleSchleich\\\/\",\"https:\\\/\\\/www.instagram.com\\\/fahrschuleschleich\\\/\"]}]}<\/script>\n<!-- \/ Yoast SEO plugin. -->","yoast_head_json":{"title":"Beschleunigte Grundqualifikation (BGQ) und Modulschulung - Fahrschule-Schleich","description":"Alles Wissenswerte \u00fcber die verschiedenen Klassen f\u00fcr Zugmaschinen. Hier kannst Du besser ausw\u00e4hlen was f\u00fcr dich am besten passt.","robots":{"index":"index","follow":"follow","max-snippet":"max-snippet:-1","max-image-preview":"max-image-preview:large","max-video-preview":"max-video-preview:-1"},"canonical":"https:\/\/fahrschule-schleich.de\/?page_id=2739","og_locale":"de_DE","og_type":"article","og_title":"Beschleunigte Grundqualifikation (BGQ) und Modulschulung - Fahrschule-Schleich","og_description":"Alles Wissenswerte \u00fcber die verschiedenen Klassen f\u00fcr Zugmaschinen. Hier kannst Du besser ausw\u00e4hlen was f\u00fcr dich am besten passt.","og_url":"https:\/\/fahrschule-schleich.de\/?page_id=2739","og_site_name":"Fahrschule-Schleich","article_publisher":"https:\/\/www.facebook.com\/FahrschuleSchleich\/","og_image":[{"width":1920,"height":815,"url":"https:\/\/i0.wp.com\/fahrschule-schleich.de\/wp-content\/uploads\/2023\/04\/startslide.png?fit=1920%2C815&ssl=1","type":"image\/png"}],"twitter_card":"summary_large_image","twitter_misc":{"Gesch\u00e4tzte Lesezeit":"1\u00a0Minute"},"schema":{"@context":"https:\/\/schema.org","@graph":[{"@type":"WebPage","@id":"https:\/\/fahrschule-schleich.de\/?page_id=2739","url":"https:\/\/fahrschule-schleich.de\/?page_id=2739","name":"Beschleunigte Grundqualifikation (BGQ) und Modulschulung - Fahrschule-Schleich","isPartOf":{"@id":"https:\/\/fahrschule-schleich.de\/#website"},"datePublished":"2024-12-10T09:54:00+00:00","description":"Alles Wissenswerte \u00fcber die verschiedenen Klassen f\u00fcr Zugmaschinen. Hier kannst Du besser ausw\u00e4hlen was f\u00fcr dich am besten passt.","breadcrumb":{"@id":"https:\/\/fahrschule-schleich.de\/?page_id=2739#breadcrumb"},"inLanguage":"de","potentialAction":[{"@type":"ReadAction","target":["https:\/\/fahrschule-schleich.de\/?page_id=2739"]}]},{"@type":"BreadcrumbList","@id":"https:\/\/fahrschule-schleich.de\/?page_id=2739#breadcrumb","itemListElement":[{"@type":"ListItem","position":1,"name":"Home","item":"https:\/\/fahrschule-schleich.de\/"},{"@type":"ListItem","position":2,"name":"Ausbildung","item":"https:\/\/fahrschule-schleich.de\/?page_id=2292"},{"@type":"ListItem","position":3,"name":"Beschleunigte Grundqualifikation (BGQ) und Modulschulung"}]},{"@type":"WebSite","@id":"https:\/\/fahrschule-schleich.de\/#website","url":"https:\/\/fahrschule-schleich.de\/","name":"Fahrschule Schleich","description":"Der Name ist jedoch NICHT Programm!","publisher":{"@id":"https:\/\/fahrschule-schleich.de\/#organization"},"alternateName":"Fahrschule-Schleich","potentialAction":[{"@type":"SearchAction","target":{"@type":"EntryPoint","urlTemplate":"https:\/\/fahrschule-schleich.de\/?s={search_term_string}"},"query-input":{"@type":"PropertyValueSpecification","valueRequired":true,"valueName":"search_term_string"}}],"inLanguage":"de"},{"@type":"Organization","@id":"https:\/\/fahrschule-schleich.de\/#organization","name":"Fahrschule Schleich","url":"https:\/\/fahrschule-schleich.de\/","logo":{"@type":"ImageObject","inLanguage":"de","@id":"https:\/\/fahrschule-schleich.de\/#\/schema\/logo\/image\/","url":"https:\/\/i0.wp.com\/fahrschule-schleich.de\/wp-content\/uploads\/2023\/03\/fs_logo.png?fit=983%2C495&ssl=1","contentUrl":"https:\/\/i0.wp.com\/fahrschule-schleich.de\/wp-content\/uploads\/2023\/03\/fs_logo.png?fit=983%2C495&ssl=1","width":983,"height":495,"caption":"Fahrschule Schleich"},"image":{"@id":"https:\/\/fahrschule-schleich.de\/#\/schema\/logo\/image\/"},"sameAs":["https:\/\/www.facebook.com\/FahrschuleSchleich\/","https:\/\/www.instagram.com\/fahrschuleschleich\/"]}]}},"jetpack-related-posts":[{"id":2387,"url":"https:\/\/fahrschule-schleich.de\/?page_id=2387","url_meta":{"origin":2739,"position":0},"title":"Klasse &#8211; Mofa","author":"","date":"Dezember 10, 2024","format":false,"excerpt":"Alle F\u00fchrerscheine, welche nach dem 19.01.2013 ausgestellte wurden, werden auf 15 Jahre befristet.Nach Ablauf dieser Frist werden die F\u00fchrerscheine nur verwaltungstechnisch umgetauscht.Der Umtausch ist nicht mit einer \u00e4rztlichen oder sonstigen Untersuchung verbunden.Bis 2033 m\u00fcssen zus\u00e4tzlich alle anderen \u2013 bisher unbefristet \u2013 ausgestellten F\u00fchrerscheine erstmalig umgetauscht werden. Mofa Ausbildung Mofa und\u2026","rel":"","context":"\u00c4hnlicher Beitrag","block_context":{"text":"\u00c4hnlicher Beitrag","link":""},"img":{"alt_text":"","src":"","width":0,"height":0},"classes":[]},{"id":2377,"url":"https:\/\/fahrschule-schleich.de\/?page_id=2377","url_meta":{"origin":2739,"position":1},"title":"Klasse &#8211; Zugmaschinen","author":"","date":"Dezember 10, 2024","format":false,"excerpt":"Alle F\u00fchrerscheine, welche nach dem 19.01.2013 ausgestellte wurden, werden auf 15 Jahre befristet.Nach Ablauf dieser Frist werden die F\u00fchrerscheine nur verwaltungstechnisch umgetauscht.Der Umtausch ist nicht mit einer \u00e4rztlichen oder sonstigen Untersuchung verbunden.Bis 2033 m\u00fcssen zus\u00e4tzlich alle anderen \u2013 bisher unbefristet \u2013 ausgestellten F\u00fchrerscheine erstmalig umgetauscht werden. F\u00fchrerscheinklasse L \u2022 f\u00fcr\u2026","rel":"","context":"\u00c4hnlicher Beitrag","block_context":{"text":"\u00c4hnlicher Beitrag","link":""},"img":{"alt_text":"","src":"","width":0,"height":0},"classes":[]},{"id":2733,"url":"https:\/\/fahrschule-schleich.de\/?page_id=2733","url_meta":{"origin":2739,"position":2},"title":"Klassen &#8211; LKW &#038; Bus","author":"","date":"Dezember 10, 2024","format":false,"excerpt":"Alle F\u00fchrerscheine, welche nach dem 19.01.2013 ausgestellte wurden, werden auf 15 Jahre befristet.Nach Ablauf dieser Frist werden die F\u00fchrerscheine nur verwaltungstechnisch umgetauscht.Der Umtausch ist nicht mit einer \u00e4rztlichen oder sonstigen Untersuchung verbunden.Bis 2033 m\u00fcssen zus\u00e4tzlich alle anderen \u2013 bisher unbefristet \u2013 ausgestellten F\u00fchrerscheine erstmalig umgetauscht werden. C1 , C1E, C,\u2026","rel":"","context":"\u00c4hnlicher Beitrag","block_context":{"text":"\u00c4hnlicher Beitrag","link":""},"img":{"alt_text":"","src":"","width":0,"height":0},"classes":[]},{"id":2333,"url":"https:\/\/fahrschule-schleich.de\/?page_id=2333","url_meta":{"origin":2739,"position":3},"title":"Klassen &#8211; PKW","author":"","date":"Dezember 10, 2024","format":false,"excerpt":"Alle F\u00fchrerscheine, welche nach dem 19.01.2013 ausgestellte wurden, werden auf 15 Jahre befristet. Nach Ablauf dieser Frist werden die F\u00fchrerscheine nur verwaltungstechnisch umgetauscht. Der Umtausch ist nicht mit einer \u00e4rztlichen oder sonstigen Untersuchung verbunden. Bis 2033 m\u00fcssen zus\u00e4tzlich alle anderen \u2013 bisher unbefristet \u2013 ausgestellten F\u00fchrerscheine erstmalig umgetauscht werden. F\u00fchrerscheinklasse\u2026","rel":"","context":"\u00c4hnlicher Beitrag","block_context":{"text":"\u00c4hnlicher Beitrag","link":""},"img":{"alt_text":"","src":"","width":0,"height":0},"classes":[]},{"id":8,"url":"https:\/\/fahrschule-schleich.de\/","url_meta":{"origin":2739,"position":4},"title":"Home","author":"","date":"Dezember 10, 2024","format":false,"excerpt":"3Fahrlehrer 50Jahre Erfahrung 3Filialen Herzlich Willkommen auf der Website der Fahrschule Schleich.Wir sind mit vier Zweigstellen in Mainz vertreten.Das bedeutet f\u00fcr dich:Du kannst dich jeden Tag, pers\u00f6nlich sowie fachkompetent von uns beraten lassen. Hier erkl\u00e4ren wir dir, was du f\u00fcr die theoretische und praktische Ausbildung, der jeweiligen F\u00fchrerscheinklasse ben\u00f6tigst. Wenn\u2026","rel":"","context":"\u00c4hnlicher Beitrag","block_context":{"text":"\u00c4hnlicher Beitrag","link":""},"img":{"alt_text":"","src":"https:\/\/i0.wp.com\/fahrschule-schleich.de\/wp-content\/uploads\/2026\/04\/Intensivkurs-2-768x960.png?resize=350%2C200&ssl=1","width":350,"height":200,"srcset":"https:\/\/i0.wp.com\/fahrschule-schleich.de\/wp-content\/uploads\/2026\/04\/Intensivkurs-2-768x960.png?resize=350%2C200&ssl=1 1x, https:\/\/i0.wp.com\/fahrschule-schleich.de\/wp-content\/uploads\/2026\/04\/Intensivkurs-2-768x960.png?resize=525%2C300&ssl=1 1.5x"},"classes":[]},{"id":2357,"url":"https:\/\/fahrschule-schleich.de\/?page_id=2357","url_meta":{"origin":2739,"position":5},"title":"Klassen &#8211; Motorrad","author":"","date":"Dezember 10, 2024","format":false,"excerpt":"Alle F\u00fchrerscheine, welche nach dem 19.01.2013 ausgestellte wurden, werden auf 15 Jahre befristet. Nach Ablauf dieser Frist werden die F\u00fchrerscheine nur verwaltungstechnisch umgetauscht. Der Umtausch ist nicht mit einer \u00e4rztlichen oder sonstigen Untersuchung verbunden. Bis 2033 m\u00fcssen zus\u00e4tzlich alle anderen \u2013 bisher unbefristet \u2013 ausgestellten F\u00fchrerscheine erstmalig umgetauscht werden. F\u00fchrerscheinklasse\u2026","rel":"","context":"\u00c4hnlicher Beitrag","block_context":{"text":"\u00c4hnlicher Beitrag","link":""},"img":{"alt_text":"","src":"","width":0,"height":0},"classes":[]}],"jetpack_sharing_enabled":true,"_links":{"self":[{"href":"https:\/\/fahrschule-schleich.de\/index.php?rest_route=\/wp\/v2\/pages\/2739","targetHints":{"allow":["GET"]}}],"collection":[{"href":"https:\/\/fahrschule-schleich.de\/index.php?rest_route=\/wp\/v2\/pages"}],"about":[{"href":"https:\/\/fahrschule-schleich.de\/index.php?rest_route=\/wp\/v2\/types\/page"}],"author":[{"embeddable":true,"href":"https:\/\/fahrschule-schleich.de\/index.php?rest_route=\/wp\/v2\/users\/3"}],"replies":[{"embeddable":true,"href":"https:\/\/fahrschule-schleich.de\/index.php?rest_route=%2Fwp%2Fv2%2Fcomments&post=2739"}],"version-history":[{"count":8,"href":"https:\/\/fahrschule-schleich.de\/index.php?rest_route=\/wp\/v2\/pages\/2739\/revisions"}],"predecessor-version":[{"id":2747,"href":"https:\/\/fahrschule-schleich.de\/index.php?rest_route=\/wp\/v2\/pages\/2739\/revisions\/2747"}],"up":[{"embeddable":true,"href":"https:\/\/fahrschule-schleich.de\/index.php?rest_route=\/wp\/v2\/pages\/2292"}],"wp:attachment":[{"href":"https:\/\/fahrschule-schleich.de\/index.php?rest_route=%2Fwp%2Fv2%2Fmedia&parent=2739"}],"curies":[{"name":"wp","href":"https:\/\/api.w.org\/{rel}","templated":true}]}}